{"id":1870,"date":"2018-12-31T17:19:50","date_gmt":"2018-12-31T16:19:50","guid":{"rendered":"http:\/\/utoe.ch\/?page_id=1870"},"modified":"2025-11-20T18:46:21","modified_gmt":"2025-11-20T17:46:21","slug":"centesimo","status":"publish","type":"page","link":"https:\/\/utoe.ch\/?page_id=1870","title":{"rendered":"Centesimo"},"content":{"rendered":"<p>[et_pb_section fb_built=&#8221;1&#8243; _builder_version=&#8221;4.16&#8243; global_colors_info=&#8221;{}&#8221;][et_pb_row column_structure=&#8221;1_2,1_2&#8243; _builder_version=&#8221;4.16&#8243; background_size=&#8221;initial&#8221; background_position=&#8221;top_left&#8221; background_repeat=&#8221;repeat&#8221; global_colors_info=&#8221;{}&#8221;][et_pb_column type=&#8221;1_2&#8243; _builder_version=&#8221;4.16&#8243; custom_padding=&#8221;|||&#8221; global_colors_info=&#8221;{}&#8221; custom_padding__hover=&#8221;|||&#8221;][et_pb_text _builder_version=&#8221;4.16&#8243; text_text_color=&#8221;#e02b20&#8243; global_colors_info=&#8221;{}&#8221;]<\/p>\n<h1>Presentazione del libro&nbsp;<br \/>\n\u00abStorie di montagna \u2013 100 anni UTOE Bellinzona\u00bb<\/h1>\n<p>[\/et_pb_text][et_pb_image src=&#8221;https:\/\/utoe.ch\/wp-content\/uploads\/2019\/11\/Catalogo_Pagina-UTOE.jpg&#8221; show_in_lightbox=&#8221;on&#8221; align_tablet=&#8221;center&#8221; align_phone=&#8221;&#8221; align_last_edited=&#8221;on|desktop&#8221; _builder_version=&#8221;4.16&#8243; always_center_on_mobile=&#8221;on&#8221; global_colors_info=&#8221;{}&#8221;][\/et_pb_image][et_pb_social_media_follow follow_button=&#8221;on&#8221; _builder_version=&#8221;4.16&#8243; global_colors_info=&#8221;{}&#8221;][et_pb_social_media_follow_network social_network=&#8221;facebook&#8221; url=&#8221;https:\/\/www.facebook.com\/events\/625917477945365\/&#8221; _builder_version=&#8221;4.16&#8243; background_color=&#8221;#3b5998&#8243; global_colors_info=&#8221;{}&#8221; follow_button=&#8221;on&#8221; url_new_window=&#8221;on&#8221;] Facebook [\/et_pb_social_media_follow_network][\/et_pb_social_media_follow][\/et_pb_column][et_pb_column type=&#8221;1_2&#8243; _builder_version=&#8221;4.16&#8243; custom_padding=&#8221;|||&#8221; global_colors_info=&#8221;{}&#8221; custom_padding__hover=&#8221;|||&#8221;][et_pb_text _builder_version=&#8221;4.16&#8243; global_colors_info=&#8221;{}&#8221;]<\/p>\n<p>&nbsp;<\/p>\n<p><strong>Mercoledi 27 novembre 2019<\/strong><\/p>\n<p>Davanti ad un folto pubblico la presentazione del libro &#8220;Storie di montagna &#8211; 100 anni UTOE Bellinzona si \u00e8 svolta all&#8217;insegna della convivialit\u00e0 e dell&#8217;unit\u00e0.<\/p>\n<p>Alla presenza di Michele Fazioli (giornalista), Marco Marcacci (storico) presenter\u00e0 la nuova pubblicazione.<\/p>\n<p>\u00c8 stato visionato un diaporama sulle montagne del bellinzonese di\u00a0Fabrizio Biaggi.<\/p>\n<p>Si \u00e8 tenuta una tavola rotonda con:<br \/>Alberto Munari (presidente 1968 \u2013 1980)<br \/>Toto Colombo (presidente 1980 \u2013 1992)<br \/>Rudy Zingg (vicepresidente, in comitato dal 1976) Sibylle Mazzoni (capo OG, in comitato dal 2015) .<\/p>\n<p>GRAZIE! A tutti i presenti per l&#8217;ottima riuscita della serata.<\/p>\n<p>[\/et_pb_text][\/et_pb_column][\/et_pb_row][\/et_pb_section][et_pb_section fb_built=&#8221;1&#8243; _builder_version=&#8221;4.16&#8243; background_color=&#8221;#ffffff&#8221; global_colors_info=&#8221;{}&#8221;][et_pb_row _builder_version=&#8221;4.16&#8243; background_size=&#8221;initial&#8221; background_position=&#8221;top_left&#8221; background_repeat=&#8221;repeat&#8221; global_colors_info=&#8221;{}&#8221;][et_pb_column type=&#8221;4_4&#8243; _builder_version=&#8221;4.16&#8243; custom_padding=&#8221;|||&#8221; global_colors_info=&#8221;{}&#8221; custom_padding__hover=&#8221;|||&#8221;][et_pb_text _builder_version=&#8221;4.16&#8243; text_text_color=&#8221;#0c71c3&#8243; header_font=&#8221;Archivo Black||||||||&#8221; header_text_color=&#8221;#0c71c3&#8243; header_text_shadow_style=&#8221;preset2&#8243; global_colors_info=&#8221;{}&#8221;][\/et_pb_text][et_pb_text _builder_version=&#8221;4.16&#8243; text_text_color=&#8221;#000000&#8243; header_2_text_color=&#8221;#e02b20&#8243; global_colors_info=&#8221;{}&#8221;]<\/p>\n<p style=\"text-align: center;\">Abbiamo festeggiato il 100\u00b0 nelle nostre 5 capanne.<\/p>\n<h2 style=\"text-align: center;\">!!! GRAZIE A TUTTI COLORO CHE NE HANNO FATTO PARTE !!!<\/h2>\n<p>[\/et_pb_text][et_pb_slider _builder_version=&#8221;4.16&#8243; use_background_color_gradient=&#8221;on&#8221; animation_style=&#8221;fade&#8221; global_colors_info=&#8221;{}&#8221; button_text_size__hover_enabled=&#8221;off&#8221; button_one_text_size__hover_enabled=&#8221;off&#8221; button_two_text_size__hover_enabled=&#8221;off&#8221; button_text_color__hover_enabled=&#8221;off&#8221; button_one_text_color__hover_enabled=&#8221;off&#8221; button_two_text_color__hover_enabled=&#8221;off&#8221; button_border_width__hover_enabled=&#8221;off&#8221; button_one_border_width__hover_enabled=&#8221;off&#8221; button_two_border_width__hover_enabled=&#8221;off&#8221; button_border_color__hover_enabled=&#8221;off&#8221; button_one_border_color__hover_enabled=&#8221;off&#8221; button_two_border_color__hover_enabled=&#8221;off&#8221; button_border_radius__hover_enabled=&#8221;off&#8221; button_one_border_radius__hover_enabled=&#8221;off&#8221; button_two_border_radius__hover_enabled=&#8221;off&#8221; button_letter_spacing__hover_enabled=&#8221;off&#8221; button_one_letter_spacing__hover_enabled=&#8221;off&#8221; button_two_letter_spacing__hover_enabled=&#8221;off&#8221; button_bg_color__hover_enabled=&#8221;off&#8221; button_one_bg_color__hover_enabled=&#8221;off&#8221; button_two_bg_color__hover_enabled=&#8221;off&#8221;][et_pb_slide heading=&#8221;TUTTI GLI EVENTI IN UN COLPO D&#8217;OCCHIO&#8221; button_link=&#8221;https:\/\/utoe.ch\/?page_id=1943&#8243; image=&#8221;https:\/\/utoe.ch\/wp-content\/uploads\/2019\/02\/PAGINA-PRINCIPALE-RIASSUNTO-OKOK-senza-sponsor-trascinato.jpg&#8221; use_bg_overlay=&#8221;off&#8221; use_text_overlay=&#8221;off&#8221; _builder_version=&#8221;4.16&#8243; background_color=&#8221;#ffffff&#8221; button_on_hover=&#8221;on&#8221; global_colors_info=&#8221;{}&#8221; button_text_size__hover_enabled=&#8221;off&#8221; button_one_text_size__hover_enabled=&#8221;off&#8221; button_two_text_size__hover_enabled=&#8221;off&#8221; button_text_color__hover_enabled=&#8221;off&#8221; button_one_text_color__hover_enabled=&#8221;off&#8221; button_two_text_color__hover_enabled=&#8221;off&#8221; button_border_width__hover_enabled=&#8221;off&#8221; button_one_border_width__hover_enabled=&#8221;off&#8221; button_two_border_width__hover_enabled=&#8221;off&#8221; button_border_color__hover_enabled=&#8221;off&#8221; button_one_border_color__hover_enabled=&#8221;off&#8221; button_two_border_color__hover_enabled=&#8221;off&#8221; button_border_radius__hover_enabled=&#8221;off&#8221; button_one_border_radius__hover_enabled=&#8221;off&#8221; button_two_border_radius__hover_enabled=&#8221;off&#8221; button_letter_spacing__hover_enabled=&#8221;off&#8221; button_one_letter_spacing__hover_enabled=&#8221;off&#8221; button_two_letter_spacing__hover_enabled=&#8221;off&#8221; button_bg_color__hover_enabled=&#8221;off&#8221; button_one_bg_color__hover_enabled=&#8221;off&#8221; button_two_bg_color__hover_enabled=&#8221;off&#8221; sticky_transition=&#8221;on&#8221;][\/et_pb_slide][et_pb_slide heading=&#8221;GESERO&#8221; button_link=&#8221;https:\/\/utoe.ch\/?page_id=1928&#8243; image=&#8221;https:\/\/utoe.ch\/wp-content\/uploads\/2019\/02\/GESERO-NUOVO.jpg&#8221; use_bg_overlay=&#8221;off&#8221; use_text_overlay=&#8221;off&#8221; _builder_version=&#8221;4.16&#8243; background_color=&#8221;#ffffff&#8221; button_on_hover=&#8221;on&#8221; global_colors_info=&#8221;{}&#8221; button_text_size__hover_enabled=&#8221;off&#8221; button_one_text_size__hover_enabled=&#8221;off&#8221; button_two_text_size__hover_enabled=&#8221;off&#8221; button_text_color__hover_enabled=&#8221;off&#8221; button_one_text_color__hover_enabled=&#8221;off&#8221; button_two_text_color__hover_enabled=&#8221;off&#8221; button_border_width__hover_enabled=&#8221;off&#8221; button_one_border_width__hover_enabled=&#8221;off&#8221; button_two_border_width__hover_enabled=&#8221;off&#8221; button_border_color__hover_enabled=&#8221;off&#8221; button_one_border_color__hover_enabled=&#8221;off&#8221; button_two_border_color__hover_enabled=&#8221;off&#8221; button_border_radius__hover_enabled=&#8221;off&#8221; button_one_border_radius__hover_enabled=&#8221;off&#8221; button_two_border_radius__hover_enabled=&#8221;off&#8221; button_letter_spacing__hover_enabled=&#8221;off&#8221; button_one_letter_spacing__hover_enabled=&#8221;off&#8221; button_two_letter_spacing__hover_enabled=&#8221;off&#8221; button_bg_color__hover_enabled=&#8221;off&#8221; button_one_bg_color__hover_enabled=&#8221;off&#8221; button_two_bg_color__hover_enabled=&#8221;off&#8221; sticky_transition=&#8221;on&#8221;][\/et_pb_slide][et_pb_slide heading=&#8221;BOVARINA&#8221; button_link=&#8221;https:\/\/utoe.ch\/?page_id=1931&#038;preview=true&#8221; image=&#8221;https:\/\/utoe.ch\/wp-content\/uploads\/2019\/02\/BOVARINA-NUOVO.jpg&#8221; use_bg_overlay=&#8221;off&#8221; use_text_overlay=&#8221;off&#8221; _builder_version=&#8221;4.16&#8243; background_color=&#8221;#ffffff&#8221; button_on_hover=&#8221;on&#8221; global_colors_info=&#8221;{}&#8221; button_text_size__hover_enabled=&#8221;off&#8221; button_one_text_size__hover_enabled=&#8221;off&#8221; button_two_text_size__hover_enabled=&#8221;off&#8221; button_text_color__hover_enabled=&#8221;off&#8221; button_one_text_color__hover_enabled=&#8221;off&#8221; button_two_text_color__hover_enabled=&#8221;off&#8221; button_border_width__hover_enabled=&#8221;off&#8221; button_one_border_width__hover_enabled=&#8221;off&#8221; button_two_border_width__hover_enabled=&#8221;off&#8221; button_border_color__hover_enabled=&#8221;off&#8221; button_one_border_color__hover_enabled=&#8221;off&#8221; button_two_border_color__hover_enabled=&#8221;off&#8221; button_border_radius__hover_enabled=&#8221;off&#8221; button_one_border_radius__hover_enabled=&#8221;off&#8221; button_two_border_radius__hover_enabled=&#8221;off&#8221; button_letter_spacing__hover_enabled=&#8221;off&#8221; button_one_letter_spacing__hover_enabled=&#8221;off&#8221; button_two_letter_spacing__hover_enabled=&#8221;off&#8221; button_bg_color__hover_enabled=&#8221;off&#8221; button_one_bg_color__hover_enabled=&#8221;off&#8221; button_two_bg_color__hover_enabled=&#8221;off&#8221; sticky_transition=&#8221;on&#8221;][\/et_pb_slide][et_pb_slide heading=&#8221;ADULA&#8221; button_link=&#8221;https:\/\/utoe.ch\/?page_id=1934&#8243; image=&#8221;https:\/\/utoe.ch\/wp-content\/uploads\/2019\/04\/3.-ADULA-.jpg&#8221; use_bg_overlay=&#8221;off&#8221; use_text_overlay=&#8221;off&#8221; _builder_version=&#8221;4.16&#8243; background_color=&#8221;#ffffff&#8221; button_on_hover=&#8221;on&#8221; global_colors_info=&#8221;{}&#8221; button_text_size__hover_enabled=&#8221;off&#8221; button_one_text_size__hover_enabled=&#8221;off&#8221; button_two_text_size__hover_enabled=&#8221;off&#8221; button_text_color__hover_enabled=&#8221;off&#8221; button_one_text_color__hover_enabled=&#8221;off&#8221; button_two_text_color__hover_enabled=&#8221;off&#8221; button_border_width__hover_enabled=&#8221;off&#8221; button_one_border_width__hover_enabled=&#8221;off&#8221; button_two_border_width__hover_enabled=&#8221;off&#8221; button_border_color__hover_enabled=&#8221;off&#8221; button_one_border_color__hover_enabled=&#8221;off&#8221; button_two_border_color__hover_enabled=&#8221;off&#8221; button_border_radius__hover_enabled=&#8221;off&#8221; button_one_border_radius__hover_enabled=&#8221;off&#8221; button_two_border_radius__hover_enabled=&#8221;off&#8221; button_letter_spacing__hover_enabled=&#8221;off&#8221; button_one_letter_spacing__hover_enabled=&#8221;off&#8221; button_two_letter_spacing__hover_enabled=&#8221;off&#8221; button_bg_color__hover_enabled=&#8221;off&#8221; button_one_bg_color__hover_enabled=&#8221;off&#8221; button_two_bg_color__hover_enabled=&#8221;off&#8221; sticky_transition=&#8221;on&#8221;][\/et_pb_slide][et_pb_slide heading=&#8221;ALBAGNO&#8221; button_link=&#8221;https:\/\/utoe.ch\/?page_id=1937&#8243; image=&#8221;https:\/\/utoe.ch\/wp-content\/uploads\/2019\/07\/4.-ALBAGNO-NUOVO-DEF.jpg&#8221; use_bg_overlay=&#8221;off&#8221; use_text_overlay=&#8221;off&#8221; _builder_version=&#8221;4.16&#8243; background_color=&#8221;#ffffff&#8221; button_on_hover=&#8221;on&#8221; global_colors_info=&#8221;{}&#8221; button_text_size__hover_enabled=&#8221;off&#8221; button_one_text_size__hover_enabled=&#8221;off&#8221; button_two_text_size__hover_enabled=&#8221;off&#8221; button_text_color__hover_enabled=&#8221;off&#8221; button_one_text_color__hover_enabled=&#8221;off&#8221; button_two_text_color__hover_enabled=&#8221;off&#8221; button_border_width__hover_enabled=&#8221;off&#8221; button_one_border_width__hover_enabled=&#8221;off&#8221; button_two_border_width__hover_enabled=&#8221;off&#8221; button_border_color__hover_enabled=&#8221;off&#8221; button_one_border_color__hover_enabled=&#8221;off&#8221; button_two_border_color__hover_enabled=&#8221;off&#8221; button_border_radius__hover_enabled=&#8221;off&#8221; button_one_border_radius__hover_enabled=&#8221;off&#8221; button_two_border_radius__hover_enabled=&#8221;off&#8221; button_letter_spacing__hover_enabled=&#8221;off&#8221; button_one_letter_spacing__hover_enabled=&#8221;off&#8221; button_two_letter_spacing__hover_enabled=&#8221;off&#8221; button_bg_color__hover_enabled=&#8221;off&#8221; button_one_bg_color__hover_enabled=&#8221;off&#8221; button_two_bg_color__hover_enabled=&#8221;off&#8221; sticky_transition=&#8221;on&#8221;][\/et_pb_slide][et_pb_slide heading=&#8221;TAMARO&#8221; button_link=&#8221;https:\/\/utoe.ch\/?page_id=1940&#8243; image=&#8221;https:\/\/utoe.ch\/wp-content\/uploads\/2019\/02\/TAMARO-NUOVO.jpg&#8221; use_bg_overlay=&#8221;off&#8221; use_text_overlay=&#8221;off&#8221; _builder_version=&#8221;4.16&#8243; background_color=&#8221;#ffffff&#8221; button_on_hover=&#8221;on&#8221; global_colors_info=&#8221;{}&#8221; button_text_size__hover_enabled=&#8221;off&#8221; button_one_text_size__hover_enabled=&#8221;off&#8221; button_two_text_size__hover_enabled=&#8221;off&#8221; button_text_color__hover_enabled=&#8221;off&#8221; button_one_text_color__hover_enabled=&#8221;off&#8221; button_two_text_color__hover_enabled=&#8221;off&#8221; button_border_width__hover_enabled=&#8221;off&#8221; button_one_border_width__hover_enabled=&#8221;off&#8221; button_two_border_width__hover_enabled=&#8221;off&#8221; button_border_color__hover_enabled=&#8221;off&#8221; button_one_border_color__hover_enabled=&#8221;off&#8221; button_two_border_color__hover_enabled=&#8221;off&#8221; button_border_radius__hover_enabled=&#8221;off&#8221; button_one_border_radius__hover_enabled=&#8221;off&#8221; button_two_border_radius__hover_enabled=&#8221;off&#8221; button_letter_spacing__hover_enabled=&#8221;off&#8221; button_one_letter_spacing__hover_enabled=&#8221;off&#8221; button_two_letter_spacing__hover_enabled=&#8221;off&#8221; button_bg_color__hover_enabled=&#8221;off&#8221; button_one_bg_color__hover_enabled=&#8221;off&#8221; button_two_bg_color__hover_enabled=&#8221;off&#8221; sticky_transition=&#8221;on&#8221;][\/et_pb_slide][\/et_pb_slider][\/et_pb_column][\/et_pb_row][et_pb_row _builder_version=&#8221;4.16&#8243; background_size=&#8221;initial&#8221; background_position=&#8221;top_left&#8221; background_repeat=&#8221;repeat&#8221; global_colors_info=&#8221;{}&#8221;][et_pb_column type=&#8221;4_4&#8243; _builder_version=&#8221;4.16&#8243; custom_padding=&#8221;|||&#8221; global_colors_info=&#8221;{}&#8221; custom_padding__hover=&#8221;|||&#8221;][et_pb_text admin_label=&#8221;concorso di disegno&#8221; _builder_version=&#8221;4.16&#8243; global_colors_info=&#8221;{}&#8221;]&nbsp;<\/p>\n<table border=\"0\" width=\"100%\" cellspacing=\"0\" cellpadding=\"0\">\n<tbody>\n<tr>\n<td class=\"padding-copy tnpc-row-edit\" align=\"center\" data-type=\"title\">\n<h1 style=\"text-align: center;\">CONCORSO DI DISEGNO&nbsp;<\/h1>\n<h1 style=\"text-align: center;\">Disegniamo la capanna Bovarina<\/h1>\n<\/td>\n<\/tr>\n<tr>\n<td class=\"padding-copy tnpc-row-edit\" align=\"center\" data-type=\"text\">\n<h4>In occasione del 100\u00b0 UTOE alla capanna Bovarina avevamo chiesto ai bambini presenti di disegnare la Bovarina. Dopo una selezione di disegni siamo giunti ai 3 vincitori che a breve riceveranno al loro indirizzo un piccolo pensiero da parte dell&#8217;UTOE.<\/h4>\n<p>Grazie a tutti i bimbi e famiglie che hanno partecipato al nostro concorso.<\/td>\n<\/tr>\n<\/tbody>\n<\/table>\n<p>[\/et_pb_text][\/et_pb_column][\/et_pb_row][et_pb_row column_structure=&#8221;1_4,1_4,1_4,1_4&#8243; _builder_version=&#8221;4.16&#8243; background_size=&#8221;initial&#8221; background_position=&#8221;top_left&#8221; background_repeat=&#8221;repeat&#8221; global_colors_info=&#8221;{}&#8221;][et_pb_column type=&#8221;1_4&#8243; _builder_version=&#8221;4.16&#8243; custom_padding=&#8221;|||&#8221; global_colors_info=&#8221;{}&#8221; custom_padding__hover=&#8221;|||&#8221;][et_pb_image src=&#8221;https:\/\/utoe.ch\/wp-content\/uploads\/2019\/10\/Senza-titolo-1.jpg&#8221; show_in_lightbox=&#8221;on&#8221; align_tablet=&#8221;center&#8221; align_phone=&#8221;&#8221; align_last_edited=&#8221;on|desktop&#8221; _builder_version=&#8221;4.16&#8243; always_center_on_mobile=&#8221;on&#8221; global_colors_info=&#8221;{}&#8221;][\/et_pb_image][et_pb_text _builder_version=&#8221;4.16&#8243; global_colors_info=&#8221;{}&#8221;]I disegni selezionati&nbsp;<br \/>\n[\/et_pb_text][\/et_pb_column][et_pb_column type=&#8221;1_4&#8243; _builder_version=&#8221;4.16&#8243; custom_padding=&#8221;|||&#8221; global_colors_info=&#8221;{}&#8221; custom_padding__hover=&#8221;|||&#8221;][et_pb_image src=&#8221;https:\/\/utoe.ch\/wp-content\/uploads\/2019\/10\/IMG_20190720_152528.jpg&#8221; show_in_lightbox=&#8221;on&#8221; align_tablet=&#8221;center&#8221; align_phone=&#8221;&#8221; align_last_edited=&#8221;on|desktop&#8221; _builder_version=&#8221;4.16&#8243; always_center_on_mobile=&#8221;on&#8221; global_colors_info=&#8221;{}&#8221;][\/et_pb_image][et_pb_text _builder_version=&#8221;4.16&#8243; global_colors_info=&#8221;{}&#8221;]Vincitore categoria dei pi\u00f9 piccoli<br \/>\n[\/et_pb_text][\/et_pb_column][et_pb_column type=&#8221;1_4&#8243; _builder_version=&#8221;4.16&#8243; custom_padding=&#8221;|||&#8221; global_colors_info=&#8221;{}&#8221; custom_padding__hover=&#8221;|||&#8221;][et_pb_image src=&#8221;https:\/\/utoe.ch\/wp-content\/uploads\/2019\/10\/IMG_20190720_152209.jpg&#8221; show_in_lightbox=&#8221;on&#8221; align_tablet=&#8221;center&#8221; align_phone=&#8221;&#8221; align_last_edited=&#8221;on|desktop&#8221; _builder_version=&#8221;4.16&#8243; always_center_on_mobile=&#8221;on&#8221; global_colors_info=&#8221;{}&#8221;][\/et_pb_image][et_pb_text _builder_version=&#8221;4.16&#8243; global_colors_info=&#8221;{}&#8221;]Vincitore categoria bambini<br \/>\n[\/et_pb_text][\/et_pb_column][et_pb_column type=&#8221;1_4&#8243; _builder_version=&#8221;4.16&#8243; custom_padding=&#8221;|||&#8221; global_colors_info=&#8221;{}&#8221; custom_padding__hover=&#8221;|||&#8221;][et_pb_image src=&#8221;https:\/\/utoe.ch\/wp-content\/uploads\/2019\/10\/IMG_20191027_200145.jpg&#8221; show_in_lightbox=&#8221;on&#8221; align_tablet=&#8221;center&#8221; align_phone=&#8221;&#8221; align_last_edited=&#8221;on|desktop&#8221; _builder_version=&#8221;4.16&#8243; always_center_on_mobile=&#8221;on&#8221; global_colors_info=&#8221;{}&#8221;][\/et_pb_image][et_pb_text _builder_version=&#8221;4.16&#8243; global_colors_info=&#8221;{}&#8221;]Vincitore categoria ragazzi<br \/>\n[\/et_pb_text][\/et_pb_column][\/et_pb_row][\/et_pb_section][et_pb_section fb_built=&#8221;1&#8243; _builder_version=&#8221;4.16&#8243; background_color=&#8221;#ffffff&#8221; global_colors_info=&#8221;{}&#8221;][et_pb_row _builder_version=&#8221;4.16&#8243; background_size=&#8221;initial&#8221; background_position=&#8221;top_left&#8221; background_repeat=&#8221;repeat&#8221; global_colors_info=&#8221;{}&#8221;][et_pb_column type=&#8221;4_4&#8243; _builder_version=&#8221;4.16&#8243; custom_padding=&#8221;|||&#8221; global_colors_info=&#8221;{}&#8221; custom_padding__hover=&#8221;|||&#8221;][et_pb_text admin_label=&#8221;Testo Tamaro&#8221; _builder_version=&#8221;4.16&#8243; global_colors_info=&#8221;{}&#8221;]&nbsp;<\/p>\n<table border=\"0\" width=\"100%\" cellspacing=\"0\" cellpadding=\"0\">\n<tbody>\n<tr>\n<td class=\"padding-copy tnpc-row-edit\" align=\"center\" data-type=\"title\">\n<h1 style=\"text-align: center;\">FIACCOLATA&nbsp;<\/h1>\n<h1 style=\"text-align: center;\">100\u00b0 UTOE BELLINZONA<\/h1>\n<\/td>\n<\/tr>\n<tr>\n<td class=\"padding-copy tnpc-row-edit\" align=\"center\" data-type=\"text\">\n<h2>06.10.2019 Capanna Tamaro<\/h2>\n<\/td>\n<\/tr>\n<\/tbody>\n<\/table>\n<p>[\/et_pb_text][et_pb_text _builder_version=&#8221;4.16&#8243; global_colors_info=&#8221;{}&#8221;]L&#8217;ultimo dei 5 eventi per festeggiare il 100esimo compleanno dell&#8217;UTOE di Bellinzona.<\/p>\n<p>Una serata piena di magia, condivisione e allegria. La capanna Tamaro ha accolto tutti gli ospiti con un ricco aperitivo per poi deliziarci con una gustosa cena. Appena la notte ci ha raggiunti abbiamo acceso le nostre 100 fiaccole, ci siamo imbacuccati per bene e via&#8230; sotto la pioggia. Un lungo biscione di lucine verdi fino all&#8217;alpe Foppa, dove i mezzi militari ci attendevano per la discesa in piano.<br \/>\n[\/et_pb_text][et_pb_gallery gallery_ids=&#8221;2895,2896,2897,2898,2899,2900,2901,2902,2903,2904,2905,2906,2907,2908,2909,2910,2911,2913,2914,2915,2916,2917,2918,2919,2920,2921,2922,2923,2924,2925,2926,2927,2928,2929,2930,2931&#8243; posts_number=&#8221;8&#8243; show_title_and_caption=&#8221;off&#8221; zoom_icon_color=&#8221;#2ea3f2&#8243; admin_label=&#8221;galleria Tamaro&#8221; _builder_version=&#8221;4.16&#8243; pagination_font_size_tablet=&#8221;51&#8243; pagination_line_height_tablet=&#8221;2&#8243; global_colors_info=&#8221;{}&#8221;][\/et_pb_gallery][et_pb_text _builder_version=&#8221;4.16&#8243; global_colors_info=&#8221;{}&#8221;]Video della fiaccolata<br \/>\n[\/et_pb_text][et_pb_video src=&#8221;https:\/\/utoe.ch\/wp-content\/uploads\/2019\/10\/UTOE-TAMARO-ok.mp4&#8243; _builder_version=&#8221;4.16&#8243; global_colors_info=&#8221;{}&#8221;][\/et_pb_video][\/et_pb_column][\/et_pb_row][\/et_pb_section][et_pb_section fb_built=&#8221;1&#8243; _builder_version=&#8221;4.16&#8243; background_color=&#8221;#e2e2e2&#8243; global_colors_info=&#8221;{}&#8221;][et_pb_row _builder_version=&#8221;4.16&#8243; global_colors_info=&#8221;{}&#8221;][et_pb_column type=&#8221;4_4&#8243; _builder_version=&#8221;4.16&#8243; custom_padding=&#8221;|||&#8221; global_colors_info=&#8221;{}&#8221; custom_padding__hover=&#8221;|||&#8221;][et_pb_text admin_label=&#8221;Testo ALBAGNO&#8221; _builder_version=&#8221;4.16&#8243; global_colors_info=&#8221;{}&#8221;]&nbsp;<\/p>\n<table border=\"0\" width=\"100%\" cellspacing=\"0\" cellpadding=\"0\">\n<tbody>\n<tr>\n<td class=\"padding-copy tnpc-row-edit\" align=\"center\" data-type=\"title\">\n<h1 style=\"text-align: center;\">CENTOANNI VERTICAL Monte Carasso &#8211; Albagno<\/h1>\n<h1 style=\"text-align: center;\">100\u00b0 UTOE BELLINZONA<\/h1>\n<\/td>\n<\/tr>\n<tr>\n<td class=\"padding-copy tnpc-row-edit\" align=\"center\" data-type=\"text\">\n<h2>22.09.2019 Capanna Albagno<\/h2>\n<\/td>\n<\/tr>\n<\/tbody>\n<\/table>\n<p>[\/et_pb_text][et_pb_text _builder_version=&#8221;4.16&#8243; global_colors_info=&#8221;{}&#8221;]CLASSIFICHE<br \/>\n[\/et_pb_text][et_pb_gallery gallery_ids=&#8221;2614,2615,2616&#8243; posts_number=&#8221;3&#8243; show_title_and_caption=&#8221;off&#8221; zoom_icon_color=&#8221;#2ea3f2&#8243; _builder_version=&#8221;4.16&#8243; pagination_font_size_tablet=&#8221;51&#8243; pagination_line_height_tablet=&#8221;2&#8243; global_colors_info=&#8221;{}&#8221;][\/et_pb_gallery][\/et_pb_column][\/et_pb_row][et_pb_row _builder_version=&#8221;4.16&#8243; global_colors_info=&#8221;{}&#8221;][et_pb_column type=&#8221;4_4&#8243; _builder_version=&#8221;4.16&#8243; custom_padding=&#8221;|||&#8221; global_colors_info=&#8221;{}&#8221; custom_padding__hover=&#8221;|||&#8221;][et_pb_text _builder_version=&#8221;4.16&#8243; global_colors_info=&#8221;{}&#8221;]FOTO DEGLI ATLETI<br \/>\n[\/et_pb_text][et_pb_gallery gallery_ids=&#8221;2620,2621,2622,2623,2624,2625,2626,2627,2628,2629,2630,2631,2632,2633,2634,2635,2636,2637,2638,2639,2640,2641,2642,2643,2644,2645,2646,2647,2648,2649,2650,2651,2652,2653,2654,2655,2656,2657,2658,2659,2660,2661,2662,2663,2664,2665,2666,2667,2668,2669,2670,2671,2672,2673,2674,2675,2676,2677,2678,2679,2680,2681,2682,2683,2684,2685,2686,2687,2688,2689,2690,2691,2692,2693,2694,2695,2696,2697,2698,2699,2700,2701,2702,2703,2704,2705,2706,2707,2708,2709,2710,2711,2712,2713,2714,2715,2716,2717,2718,2719,2720,2721,2722,2723,2724,2725,2726,2727,2728,2729,2730,2731,2732,2733,2734,2735,2736,2737,2738,2739,2740,2741,2742,2743,2744,2745,2746,2747,2748,2749,2750,2751,2752,2753,2754,2755,2756,2757,2758,2759,2760,2761,2762,2763,2764,2765,2766,2767,2768,2769,2770,2771,2772,2773,2774,2775,2776,2777,2778,2779,2780,2781,2782,2783,2784,2785,2786,2787,2788,2789,2790,2791,2792,2793,2794,2795,2796,2797,2798,2799,2800,2801,2802,2803,2804,2805,2806,2807,2808,2809,2810,2811,2812,2813,2814,2815,2816,2817,2818,2819,2820,2821,2822,2823,2824,2825,2826,2827,2828,2829,2830,2831,2832,2833,2834,2835,2836,2837,2838,2839,2840,2841,2842,2843,2844,2845,2846,2847,2848,2849,2850,2851,2852,2853,2854,2855,2856,2857,2858,2859,2860,2861,2862,2863,2864,2865,2866,2867,2868&#8243; posts_number=&#8221;8&#8243; show_title_and_caption=&#8221;off&#8221; zoom_icon_color=&#8221;#2ea3f2&#8243; _builder_version=&#8221;4.16&#8243; pagination_font_size_tablet=&#8221;51&#8243; pagination_line_height_tablet=&#8221;2&#8243; global_colors_info=&#8221;{}&#8221;][\/et_pb_gallery][\/et_pb_column][\/et_pb_row][\/et_pb_section][et_pb_section fb_built=&#8221;1&#8243; _builder_version=&#8221;4.16&#8243; global_colors_info=&#8221;{}&#8221;][et_pb_row _builder_version=&#8221;4.16&#8243; global_colors_info=&#8221;{}&#8221;][et_pb_column type=&#8221;4_4&#8243; _builder_version=&#8221;4.16&#8243; custom_padding=&#8221;|||&#8221; global_colors_info=&#8221;{}&#8221; custom_padding__hover=&#8221;|||&#8221;][et_pb_text _builder_version=&#8221;4.16&#8243; global_colors_info=&#8221;{}&#8221;]&nbsp;<\/p>\n<table border=\"0\" width=\"100%\" cellspacing=\"0\" cellpadding=\"0\">\n<tbody>\n<tr>\n<td class=\"padding-copy tnpc-row-edit\" align=\"center\" data-type=\"title\">\n<h1 style=\"text-align: center;\">CONCERTO DI CORNI DELLE ALPI<\/h1>\n<h1 style=\"text-align: center;\">100\u00b0 UTOE BELLINZONA<\/h1>\n<\/td>\n<\/tr>\n<tr>\n<td class=\"padding-copy tnpc-row-edit\" align=\"center\" data-type=\"text\">\n<div class=\"gmail_quote\">\n<h2>04.08.2019 Capanna ADULA UTOE<\/h2>\n<\/div>\n<\/td>\n<\/tr>\n<\/tbody>\n<\/table>\n<p>[\/et_pb_text][et_pb_text _builder_version=&#8221;4.16&#8243; global_colors_info=&#8221;{}&#8221;]Apro gli occhi e le montagne son davanti a me. Frescolino. L\u2019arietta fa risvegliare ogni singolo muscolo del tuo corpo. L\u2019acqua gelida dell\u2019Adula ti porta subito sull\u2019attenti. L\u2019accoglienza della capanna e dei suoi capannari ti dona subito conforto.<\/p>\n<p>All\u2019alba si cominciano a sentire le prime note musicali, poi man mano che i cornisti si svegliano ecco che il quadro si compone pezzo dopo pezzo.<\/p>\n<p>Dal sasso appena fuori la capanna si intravede il lungo biscione di gente che percorre la Val Carassino. Cannocchiale alla mano si conta chi sale e si capisce che la capanna sar\u00e0 presto al massimo dello splendore, gremita di gente.<\/p>\n<p>Alle 10.00 i primi concerti dei due gruppi di cornisti, sono una quarantina. Un canone tra i N\u00fcm dal corno e i corni da Curz\u00f6nas. A Mezzogiorno il quadro era completo. Sole, montagne, panorama eccezionale, corni delle alpi, molto pubblico, moltissimo pubblico, tanti amici\u2026 alle prime note la consapevolezza che anche il terzo degli eventi del 100\u00b0 dell\u2019UTOE di Bellinzona ha regalato emozioni.<br \/>\n[\/et_pb_text][et_pb_gallery gallery_ids=&#8221;2544,2545,2546,2547,2548,2549,2550,2551,2552,2553,2554,2555,2556,2557,2558,2559,2560,2561,2562,2563,2564,2565,2566,2567,2568,2569,2570,2571,2572,2573,2574,2575,2576,2577,2578,2579,2580,2581,2582,2583,2584&#8243; posts_number=&#8221;8&#8243; show_title_and_caption=&#8221;off&#8221; zoom_icon_color=&#8221;#2ea3f2&#8243; admin_label=&#8221;Galleria adula&#8221; _builder_version=&#8221;4.16&#8243; pagination_font_size_tablet=&#8221;51&#8243; pagination_line_height_tablet=&#8221;2&#8243; global_colors_info=&#8221;{}&#8221;][\/et_pb_gallery][\/et_pb_column][\/et_pb_row][\/et_pb_section][et_pb_section fb_built=&#8221;1&#8243; _builder_version=&#8221;4.16&#8243; background_color=&#8221;#e2e2e2&#8243; global_colors_info=&#8221;{}&#8221;][et_pb_row _builder_version=&#8221;4.16&#8243; background_size=&#8221;initial&#8221; background_position=&#8221;top_left&#8221; background_repeat=&#8221;repeat&#8221; global_colors_info=&#8221;{}&#8221;][et_pb_column type=&#8221;4_4&#8243; _builder_version=&#8221;4.16&#8243; custom_padding=&#8221;|||&#8221; global_colors_info=&#8221;{}&#8221; custom_padding__hover=&#8221;|||&#8221;][et_pb_text admin_label=&#8221;FESTA FAMIGLIE BPVARINA&#8221; _builder_version=&#8221;4.16&#8243; global_colors_info=&#8221;{}&#8221;]<\/p>\n<h1 style=\"text-align: center;\">FESTA PER LE FAMIGLIE 100\u00b0 UTOE BELLINZONA<\/h1>\n<h2 style=\"text-align: center;\">14.07.2019 Capanna Bovarina<\/h2>\n<p>&nbsp;<\/p>\n<p style=\"text-align: left;\">5.00 del mattino, la caccia al tesoro sta prendendo forma allo spuntar del sole.<br \/>\nPostazione dopo postazione la festa per le famiglie prende forma.<br \/>\nConcorso di disegno, mandala naturale, gonfiabile e aeroplani giganti di cartone allieteranno le famiglie che saliranno alla Bovarina. La guida alpina e gli OG stanno ultimando le due attrazioni principali per far letteralmente volare i bambini.<br \/>\n10.00 le due tyroliennes sono pronte ad accogliere le famiglie e la Bovarina, attorniata da palloncini, in una cornice incantevole, apre le porte alle prime famiglie.<br \/>\nMolte, moltissime famiglie, molte pi\u00f9 delle nostre aspettative ci hanno raggiunto in una giornata accompagnata dal sole. Regnava un formicolio frenetico di bambini, di gioia, di sorrisi in un ambiente molto gradevole.&nbsp;Grazie ai guardiani e ai loro aiutanti abbiamo potuto offrire ai nostri ospiti vere prelibatezze.<\/p>\n<p style=\"text-align: left;\">GRAZIE agli OG CAS-UTOE Bellinzona per aver organizzato e intrattenuto i bambini, a Massimo Bognuda guida alpina per le fantastiche tyroliennes, ai guardiani Loris e Yvonne Sonzogni e a tutti i loro aiutanti per averci deliziato con la loro accoglienza e la loro cucina. GRAZIE a tutti coloro che in un modo o nell\u2019altro hanno contribuito a rendere speciale questa giornata.<\/p>\n<p style=\"text-align: left;\">A breve su questa pagina potrete scoprire i nominativi dei vincitori al concorso di disegno con le loro opere d\u2019arte.<\/p>\n<p style=\"text-align: left;\">Non si poteva chiedere di pi\u00f9 per festeggiare i 100\u00b0 anni dell\u2019UTOE Bellinzona e non \u00e8 ancora finita\u2026mancano ancora 3 eventi! SEGUITECI&#8230;<\/p>\n<p style=\"text-align: left;\">Grazie al fotografo ufficiale Fabrizio Biaggi<\/p>\n<p style=\"text-align: left;\">&nbsp;<\/p>\n<p style=\"text-align: left;\">&nbsp;<\/p>\n<p>[\/et_pb_text][\/et_pb_column][\/et_pb_row][et_pb_row _builder_version=&#8221;4.16&#8243; global_colors_info=&#8221;{}&#8221;][et_pb_column type=&#8221;4_4&#8243; _builder_version=&#8221;4.16&#8243; custom_padding=&#8221;|||&#8221; global_colors_info=&#8221;{}&#8221; custom_padding__hover=&#8221;|||&#8221;][et_pb_text _builder_version=&#8221;4.16&#8243; global_colors_info=&#8221;{}&#8221;]<\/p>\n<h3>GALLERIA DELL&#8217;EVENTO<\/h3>\n<p>[\/et_pb_text][et_pb_gallery gallery_ids=&#8221;2486,2485,2484,2483,2482,2481,2480,2479,2478,2477,2476,2475,2474,2473,2472,2471,2470,2469,2468,2467,2466,2465,2464,2463,2462,2461,2460,2459,2458,2457,2456,2455,2454,2453,2452,2451&#8243; posts_number=&#8221;8&#8243; show_title_and_caption=&#8221;off&#8221; zoom_icon_color=&#8221;#2ea3f2&#8243; _builder_version=&#8221;4.16&#8243; pagination_font_size_tablet=&#8221;51&#8243; pagination_line_height_tablet=&#8221;2&#8243; global_colors_info=&#8221;{}&#8221;][\/et_pb_gallery][\/et_pb_column][\/et_pb_row][\/et_pb_section][et_pb_section fb_built=&#8221;1&#8243; _builder_version=&#8221;4.16&#8243; global_colors_info=&#8221;{}&#8221;][et_pb_row _builder_version=&#8221;4.16&#8243; background_size=&#8221;initial&#8221; background_position=&#8221;top_left&#8221; background_repeat=&#8221;repeat&#8221; global_colors_info=&#8221;{}&#8221;][et_pb_column type=&#8221;4_4&#8243; _builder_version=&#8221;4.16&#8243; custom_padding=&#8221;|||&#8221; global_colors_info=&#8221;{}&#8221; custom_padding__hover=&#8221;|||&#8221;][et_pb_text admin_label=&#8221;GARA CICLISTICA CENTORAGGI &#8221; _builder_version=&#8221;4.16&#8243; global_colors_info=&#8221;{}&#8221;]<\/p>\n<h1 style=\"text-align: center;\">GARA CICLISTICA CENTORAGGI 100\u00b0 UTOE BELLINZONA<\/h1>\n<h2 style=\"text-align: center;\">15.06.2019 Arbedo &#8211; Gesero<\/h2>\n<p>Sudore, fatica, imprecazioni, <em>&#8220;Ma chi l&#8217;ha inventata questa salita&#8230;?&#8221;, <\/em>ma anche soddisfazioni, sorrisi, condivisione.<\/p>\n<p>Tutto questo \u00e8 stata la prima giornata di festeggiamenti per il nostro centesimo. Sabato 15 giugno una quarantina di atleti sono partiti dalla <i>&nbsp;Polverera&nbsp;<\/i> di Arbedo per arrivare un&#8217;ora e trentotto secondi dopo alla Capanna Utoe del Gesero. Dove ad accoglierli un caloroso pubblico e una capanna vestita a festa per l&#8217;evento.&nbsp;Un complimento a tutti i partecipanti. Un grazie a tutti i volontari, all&#8217;ottima cucina e all&#8217;accoglienza della capanna.<\/p>\n<p>&nbsp;<\/p>\n<p>&nbsp;<br \/>\n[\/et_pb_text][\/et_pb_column][\/et_pb_row][et_pb_row _builder_version=&#8221;4.16&#8243; global_colors_info=&#8221;{}&#8221;][et_pb_column type=&#8221;4_4&#8243; _builder_version=&#8221;4.16&#8243; custom_padding=&#8221;|||&#8221; global_colors_info=&#8221;{}&#8221; custom_padding__hover=&#8221;|||&#8221;][et_pb_text _builder_version=&#8221;4.16&#8243; global_colors_info=&#8221;{}&#8221;]<\/p>\n<h3>GALLERIA ATLETI<\/h3>\n<p>[\/et_pb_text][et_pb_gallery gallery_ids=&#8221;2133,2134,2135,2136,2137,2138,2139,2140,2141,2142,2143,2144,2145,2146,2147,2148,2149,2150,2151,2152,2153,2154,2155,2156,2157,2158,2159,2160,2161,2162,2163,2164,2165,2027,2166,2167,2168,2169,2170,2171,2172,2173,2174,2175,2176,2177,2178,2179,2180,2181,2182,2183,2184,2185,2186,2187,2188,2189,2190,2191,2192,2193,2194,2195,2196,2197,2198,2199,2200,2201,2202,2203,2204,2205,2206,2207,2208,2209,2210,2211,2212,2213,2214,2215,2216,2217,2218,2219,2220,2221,1925,1924,1923,1922,1921,1920,1898,2112,2113,1871,2114,2115,2116,2117,2118,2119,2120,2121,2122,2123,2124,2125,2126,2127,2128,2129,2130,2131,2132,2222,2223,2224,2225,2226,2227,2228,2229,2230,2231,2232,2233,2234,2235,2236,2237,2238,2239,2240,2241,2242,2243,2244,2245,2246,2247,2248,2249,2250,2251,2252,2253,2254,2255,2256,2257,2258,2259,2260,2261,2262,2263,2264,2265,2266,2267,2269,2270,2271,2272,2273,2274,2275,2276,2277,2278,2279,2280,2281,2282,2283,2284,2285,2286,2287,2288,2289,2290,2291,2292,2293,2294,2295,2296,2297,2298,2299,2300,2301,2302,2303,2304,2305,2306,2307,2308,2309,2310,2311,2312,2313,2314,2315,2316,2317,2318,2319,2320,2321,2322,2323,2324,2325,2326,2327,2328,2329,2330,2331,2332&#8243; posts_number=&#8221;8&#8243; show_title_and_caption=&#8221;off&#8221; zoom_icon_color=&#8221;#2ea3f2&#8243; _builder_version=&#8221;4.16&#8243; pagination_font_size_tablet=&#8221;51&#8243; pagination_line_height_tablet=&#8221;2&#8243; global_colors_info=&#8221;{}&#8221;][\/et_pb_gallery][\/et_pb_column][\/et_pb_row][et_pb_row _builder_version=&#8221;4.16&#8243; background_size=&#8221;initial&#8221; background_position=&#8221;top_left&#8221; background_repeat=&#8221;repeat&#8221; global_colors_info=&#8221;{}&#8221;][et_pb_column type=&#8221;4_4&#8243; _builder_version=&#8221;4.16&#8243; custom_padding=&#8221;|||&#8221; global_colors_info=&#8221;{}&#8221; custom_padding__hover=&#8221;|||&#8221;][et_pb_text _builder_version=&#8221;4.16&#8243; global_colors_info=&#8221;{}&#8221;]<\/p>\n<h3>IMPRESSIONI DELLA GIORNATA<\/h3>\n<p>[\/et_pb_text][et_pb_gallery gallery_ids=&#8221;2332,2331,2330,2329,2328,2327,2326,2325,2324,2323,2322,2321,2320,2319,2318,2317,2316,2315,2314,2313,2312,2311,2310,2309,2308,2307,2306,2305,2304,2303,2302,2301,2300,2299,2298,2297,2296,2295,2294,2293,2292,2291,2290,2289,2288,2287,2286,2285,2284,2283,2282,2281,2280,2279,2278,2277,2276,2275,2274,2273,2272,2271,2270,2269,2267,2266,2265,2264,2263,2262,2261,2260,2259,2258,2257,2256,2255,2254,2253,2252,1871,1898,1920,1921,1922,1923,1924,1925,2027,2112,2113,2114,2115,2116,2117,2118,2119,2120,2121,2122,2123,2124,2125,2126,2127,2128,2129,2130,2131,2132,2133,2134,2135,2136,2137,2138,2139,2140,2141,2142,2143,2144,2145,2146,2147,2148,2149,2150,2151,2152,2153,2154,2155,2156,2157,2158,2159,2160,2161,2162,2163,2164,2165,2166,2167,2168,2169,2170,2171,2172,2173,2174,2175,2176,2177,2178,2179,2180,2181,2182,2183,2184,2185,2186,2187,2188,2189,2190,2191,2192,2193,2194,2195,2196,2197,2198,2199,2200,2201,2202,2203,2204,2205,2206,2207,2208,2209,2210,2211,2212,2213,2214,2215,2216,2217,2218,2219,2220,2221,2222,2223,2224,2225,2226,2227,2228,2229,2230,2231,2232,2233,2234,2235,2236,2237,2238,2239,2240,2241,2242,2243,2244,2245,2246,2247,2248,2249,2250,2251,2338,2339,2340,2341,2342,2343,2344,2345,2346,2347,2348,2349,2350,2351,2352,2353,2354,2355,2356,2357,2358,2359,2360,2361,2362,2363,2364,2365,2366,2367,2368&#8243; posts_number=&#8221;8&#8243; show_title_and_caption=&#8221;off&#8221; zoom_icon_color=&#8221;#2ea3f2&#8243; _builder_version=&#8221;4.16&#8243; pagination_font_size_tablet=&#8221;51&#8243; pagination_line_height_tablet=&#8221;2&#8243; global_colors_info=&#8221;{}&#8221;][\/et_pb_gallery][\/et_pb_column][\/et_pb_row][\/et_pb_section]<\/p>\n","protected":false},"excerpt":{"rendered":"<p>Presentazione del libro&nbsp; \u00abStorie di montagna \u2013 100 anni UTOE Bellinzona\u00bb &nbsp; Mercoledi 27 novembre 2019 Davanti ad un folto pubblico la presentazione del libro &#8220;Storie di montagna &#8211; 100 anni UTOE Bellinzona si \u00e8 svolta all&#8217;insegna della convivialit\u00e0 e dell&#8217;unit\u00e0. Alla presenza di Michele Fazioli (giornalista), Marco Marcacci (storico) presenter\u00e0 la nuova pubblicazione. \u00c8 [&hellip;]<\/p>\n","protected":false},"author":1,"featured_media":0,"parent":0,"menu_order":0,"comment_status":"closed","ping_status":"closed","template":"","meta":{"_et_pb_use_builder":"on","_et_pb_old_content":"<p>[et_pb_section bb_built=\"1\"][et_pb_row][\/et_pb_row][\/et_pb_section]<\/p>","_et_gb_content_width":"","ngg_post_thumbnail":0,"footnotes":""},"class_list":["post-1870","page","type-page","status-publish","hentry"],"_links":{"self":[{"href":"https:\/\/utoe.ch\/index.php?rest_route=\/wp\/v2\/pages\/1870","targetHints":{"allow":["GET"]}}],"collection":[{"href":"https:\/\/utoe.ch\/index.php?rest_route=\/wp\/v2\/pages"}],"about":[{"href":"https:\/\/utoe.ch\/index.php?rest_route=\/wp\/v2\/types\/page"}],"author":[{"embeddable":true,"href":"https:\/\/utoe.ch\/index.php?rest_route=\/wp\/v2\/users\/1"}],"replies":[{"embeddable":true,"href":"https:\/\/utoe.ch\/index.php?rest_route=%2Fwp%2Fv2%2Fcomments&post=1870"}],"version-history":[{"count":99,"href":"https:\/\/utoe.ch\/index.php?rest_route=\/wp\/v2\/pages\/1870\/revisions"}],"predecessor-version":[{"id":7531,"href":"https:\/\/utoe.ch\/index.php?rest_route=\/wp\/v2\/pages\/1870\/revisions\/7531"}],"wp:attachment":[{"href":"https:\/\/utoe.ch\/index.php?rest_route=%2Fwp%2Fv2%2Fmedia&parent=1870"}],"curies":[{"name":"wp","href":"https:\/\/api.w.org\/{rel}","templated":true}]}}